{"version":"1.0","provider_name":"Prolympia - Ume\u00e5","provider_url":"https:\/\/www.prolympia.se\/umea","author_name":"kristofferjonsson","author_url":"https:\/\/www.prolympia.se\/umea\/author\/kristofferjonsson\/","title":"Dans g\u00f6r \u00e5terkomst som specialidrott - Prolympia - Ume\u00e5","type":"rich","width":600,"height":338,"html":"<blockquote class=\"wp-embedded-content\" data-secret=\"RjFvudOQAk\"><a href=\"https:\/\/www.prolympia.se\/umea\/inlagg\/dans-gor-aterkomst-som-specialidrott\/\">Dans g\u00f6r \u00e5terkomst som specialidrott<\/a><\/blockquote><iframe sandbox=\"allow-scripts\" security=\"restricted\" src=\"https:\/\/www.prolympia.se\/umea\/inlagg\/dans-gor-aterkomst-som-specialidrott\/embed\/#?secret=RjFvudOQAk\" width=\"600\" height=\"338\" title=\"\u201dDans g\u00f6r \u00e5terkomst som specialidrott\u201d &ndash; Prolympia - Ume\u00e5\" data-secret=\"RjFvudOQAk\" frameborder=\"0\" marginwidth=\"0\" marginheight=\"0\" scrolling=\"no\" class=\"wp-embedded-content\"><\/iframe><script type=\"text\/javascript\">\n\/* <![CDATA[ *\/\n\/*! This file is auto-generated *\/\n!function(d,l){\"use strict\";l.querySelector&&d.addEventListener&&\"undefined\"!=typeof URL&&(d.wp=d.wp||{},d.wp.receiveEmbedMessage||(d.wp.receiveEmbedMessage=function(e){var t=e.data;if((t||t.secret||t.message||t.value)&&!\/[^a-zA-Z0-9]\/.test(t.secret)){for(var s,r,n,a=l.querySelectorAll('iframe[data-secret=\"'+t.secret+'\"]'),o=l.querySelectorAll('blockquote[data-secret=\"'+t.secret+'\"]'),c=new RegExp(\"^https?:$\",\"i\"),i=0;i<o.length;i++)o[i].style.display=\"none\";for(i=0;i<a.length;i++)s=a[i],e.source===s.contentWindow&&(s.removeAttribute(\"style\"),\"height\"===t.message?(1e3<(r=parseInt(t.value,10))?r=1e3:~~r<200&&(r=200),s.height=r):\"link\"===t.message&&(r=new URL(s.getAttribute(\"src\")),n=new URL(t.value),c.test(n.protocol))&&n.host===r.host&&l.activeElement===s&&(d.top.location.href=t.value))}},d.addEventListener(\"message\",d.wp.receiveEmbedMessage,!1),l.addEventListener(\"DOMContentLoaded\",function(){for(var e,t,s=l.querySelectorAll(\"iframe.wp-embedded-content\"),r=0;r<s.length;r++)(t=(e=s[r]).getAttribute(\"data-secret\"))||(t=Math.random().toString(36).substring(2,12),e.src+=\"#?secret=\"+t,e.setAttribute(\"data-secret\",t)),e.contentWindow.postMessage({message:\"ready\",secret:t},\"*\")},!1)))}(window,document);\n\/* ]]> *\/\n<\/script>\n","thumbnail_url":"https:\/\/www.prolympia.se\/umea\/wp-content\/uploads\/sites\/7\/2025\/08\/eagi_1210811872.jpeg","thumbnail_width":526,"thumbnail_height":296,"description":"Dans g\u00f6r \u00e5terkomst som specialidrott     H\u00e4r kommer ett glatt besked. Fr\u00e5n och med vecka 37 f\u00e5r v\u00e5ra elever i \u00e5rskurs 6 och 7 m\u00f6jlighet att prova p\u00e5 dans som specialidrott.  Det \u00e4r via ett samarbete med Balettakademien Ume\u00e5 som vi f\u00e5r m\u00f6jlighet att \u00e5ter igen kunna g\u00f6ra en satsning p\u00e5 \u00f6nskem\u00e5let fr\u00e5n v\u00e5ra elever."}